{"id":1979,"date":"2019-03-12T18:59:11","date_gmt":"2019-03-12T17:59:11","guid":{"rendered":"https:\/\/www.terradiea.it\/was-man-ueber-uns-sagt\/"},"modified":"2025-07-07T16:52:20","modified_gmt":"2025-07-07T14:52:20","slug":"was-man-ueber-uns-sagt","status":"publish","type":"page","link":"https:\/\/www.terradiea.it\/de\/was-man-ueber-uns-sagt\/","title":{"rendered":"Was man \u00fcber uns sagt"},"content":{"rendered":"\n<div class=\"wp-block-media-text alignwide is-stacked-on-mobile\"><figure class=\"wp-block-media-text__media\"><img loading=\"lazy\" width=\"818\" height=\"1024\" src=\"https:\/\/www.terradiea.it\/wp-content\/uploads\/2025\/03\/IMG_7365-818x1024.jpg\" alt=\"\" class=\"wp-image-977 size-full\" srcset=\"https:\/\/www.terradiea.it\/wp-content\/uploads\/2025\/03\/IMG_7365-818x1024.jpg 818w, https:\/\/www.terradiea.it\/wp-content\/uploads\/2025\/03\/IMG_7365-240x300.jpg 240w, https:\/\/www.terradiea.it\/wp-content\/uploads\/2025\/03\/IMG_7365-768x961.jpg 768w, https:\/\/www.terradiea.it\/wp-content\/uploads\/2025\/03\/IMG_7365.jpg 828w\" sizes=\"(max-width: 818px) 100vw, 818px\" \/><\/figure><div class=\"wp-block-media-text__content\">\n<p>TERRA DI EA<br\/>in der Zeitschrift Itinerari e Luogh<\/p>\n\n\n\n<p><a href=\"https:\/\/www.terradiea.it\/wp-content\/uploads\/2025\/03\/terradiea-itinerari.pdf\" target=\"_blank\" rel=\"noreferrer noopener\">LESEN &gt;&gt;<\/a><\/p>\n\n\n\n<p><\/p>\n\n\n\n<p><\/p>\n\n\n\n<p>27. Oktober 2024<\/p>\n<\/div><\/div>\n\n<div style=\"height:29px\" aria-hidden=\"true\" class=\"wp-block-spacer\"><\/div>\n\n<div class=\"wp-block-media-text alignwide is-stacked-on-mobile\"><figure class=\"wp-block-media-text__media\"><img loading=\"lazy\" width=\"576\" height=\"1024\" src=\"https:\/\/www.terradiea.it\/wp-content\/uploads\/2022\/10\/chocciola1-576x1024.jpg\" alt=\"\" class=\"wp-image-926 size-full\" srcset=\"https:\/\/www.terradiea.it\/wp-content\/uploads\/2022\/10\/chocciola1-576x1024.jpg 576w, https:\/\/www.terradiea.it\/wp-content\/uploads\/2022\/10\/chocciola1-169x300.jpg 169w, https:\/\/www.terradiea.it\/wp-content\/uploads\/2022\/10\/chocciola1-768x1365.jpg 768w, https:\/\/www.terradiea.it\/wp-content\/uploads\/2022\/10\/chocciola1-864x1536.jpg 864w, https:\/\/www.terradiea.it\/wp-content\/uploads\/2022\/10\/chocciola1.jpg 900w\" sizes=\"(max-width: 576px) 100vw, 576px\" \/><\/figure><div class=\"wp-block-media-text__content\">\n<p>Wir k\u00f6nnen das Gef\u00fchl kaum in Worte fassen, eine solche Auszeichnung zu erhalten \u2013 eine Anerkennung, die nicht nur uns, sondern vor allem auch unserer Region gewidmet ist.<img loading=\"lazy\" height=\"16\" width=\"16\" alt=\"&#x1F49A;\" src=\"https:\/\/static.xx.fbcdn.net\/images\/emoji.php\/v9\/t94\/1\/16\/1f49a.png\"\/> Tief dankbar.<\/p>\n\n\n\n<p>Wenn Sie einen Moment Zeit haben, empfehlen wir Ihnen, diesen Artikel von Ivan Masciovecchio zu lesen, der seine wertvollen Worte den Slow Food-Schnecken aus den Abruzzen widmet <img loading=\"lazy\" height=\"16\" width=\"16\" alt=\"&#x1F970;\" src=\"https:\/\/static.xx.fbcdn.net\/images\/emoji.php\/v9\/tea\/1\/16\/1f970.png\"\/><\/p>\n\n\n\n<p><a href=\"https:\/\/www.tesoridabruzzo.com\/guida-osterie-ditalia...\/...\">https:\/\/www.tesoridabruzzo.com\/guida-osterie-ditalia&#8230;\/&#8230;<\/a><\/p>\n\n\n\n<p><\/p>\n\n\n\n<p>24 Oktober 2022<\/p>\n<\/div><\/div>\n<div data-block_604d230b4adb7 class=\"slideshow wp-block-acf-slideshow alignleft alignleft\">\n  <\/div>\n\n<style type=\"text\/css\">\n  [data-block_604d230b4adb7] {\n    margin-bottom: 32px;\n  }\n<\/style>\n\n<div class=\"wp-block-media-text alignwide is-stacked-on-mobile\"><figure class=\"wp-block-media-text__media\"><a href=\"https:\/\/www.rainews.it\/tgr\/abruzzo\/notiziari\/index.html?\/tgr\/video\/2021\/05\/ContentItem-275003f6-ca90-451c-8a5d-72088af4dade.html&amp;fbclid=IwAR1roBrEu6oaaV8n_-bAqRinovIW7t2cuuXzHohsxHtogt0JG6iVY3SBmAk\"><img loading=\"lazy\" width=\"526\" height=\"579\" src=\"https:\/\/www.terradiea.it\/wp-content\/uploads\/2021\/05\/intervista.jpg\" alt=\"\" class=\"wp-image-885 size-full\" srcset=\"https:\/\/www.terradiea.it\/wp-content\/uploads\/2021\/05\/intervista.jpg 526w, https:\/\/www.terradiea.it\/wp-content\/uploads\/2021\/05\/intervista-273x300.jpg 273w\" sizes=\"(max-width: 526px) 100vw, 526px\" \/><\/a><\/figure><div class=\"wp-block-media-text__content\">\n<p>Heute in den Regionalnachrichten des TG Abruzzo: ein Interview mit unserem Walter \u00fcber das Potenzial der Agriturismi in dieser Phase der Wiederer\u00f6ffnungen. Wenn ihr m\u00f6chtet, k\u00f6nnt ihr es euch hier ansehen: <a href=\"https:\/\/l.facebook.com\/l.php?u=https%3A%2F%2Fbit.ly%2F33ssY2x%3Ffbclid%3DIwAR1roBrEu6oaaV8n_-bAqRinovIW7t2cuuXzHohsxHtogt0JG6iVY3SBmAk&amp;h=AT0n9eWMscsCofvuJXDVrVaLSY43CfjhkWi97K-8YDsjsqvjAV2mmpRPfK7XyexKM2CNJX-J8kWEx5aqDtPc8ZwJLy5J5Wzr6LbUSKGZZhISyUgzRlB3yr6Ht9xhnb-D6h1u&amp;__tn__=-UK-R&amp;c%5B0%5D=AT3OiBCDBKCQW67YzkLt9YCZvKM1nhZBWkqcfdMfOqyaWH5UTyxYUn_OePOQkiqL3AFE_pSQn8PCBbU_qkQHUiiWyY4OyabFcNupMElv844NxxcHy9YBrcfcwbAdfMVuVAGB3hbXNbJWTQ5WdxKB90_-RyRQZ5hhgK72JLBYRs49hsg\" rel=\"noreferrer noopener\" target=\"_blank\">https:\/\/bit.ly\/33ssY2x<\/a> ab Minute 5:20. <\/p>\n\n\n\n<p style=\"font-size:15px\"><\/p>\n\n\n\n<p class=\"has-small-font-size\">06 Mai 2021<\/p>\n<\/div><\/div>\n\n<p><\/p>\n\n<div class=\"wp-block-media-text alignwide is-stacked-on-mobile\"><figure class=\"wp-block-media-text__media\"><img loading=\"lazy\" width=\"970\" height=\"647\" src=\"https:\/\/www.terradiea.it\/wp-content\/uploads\/2021\/04\/terradiea_tortoreto.jpg\" alt=\"\" class=\"wp-image-875 size-full\" srcset=\"https:\/\/www.terradiea.it\/wp-content\/uploads\/2021\/04\/terradiea_tortoreto.jpg 970w, https:\/\/www.terradiea.it\/wp-content\/uploads\/2021\/04\/terradiea_tortoreto-300x200.jpg 300w, https:\/\/www.terradiea.it\/wp-content\/uploads\/2021\/04\/terradiea_tortoreto-768x512.jpg 768w\" sizes=\"(max-width: 970px) 100vw, 970px\" \/><\/figure><div class=\"wp-block-media-text__content\">\n<p class=\"has-medium-font-size\"><a href=\"https:\/\/reportergourmet.com\/198688\/in-attesa-di-poter-viaggiare-come-trascorrere-un-weekend-in-abruzzo-per-rigenerare-corpo-e-mente.html?fbclid=IwAR1ZFtEMKRDVDew6seNQWWOXnH2Re2tp3a67dNpzArs_UNJDfdIxJremJjk\">In Erwartung der M\u00f6glichkeit zu reisen: Wie man ein Wochenende in den Abruzzen verbringt, um K\u00f6rper und Geist zu regenerieren<\/a><\/p>\n\n\n\n<p>\ud83d\udd8b <strong><em>Giovanni Angelucci<\/em><\/strong><\/p>\n\n\n\n<p style=\"font-size:15px\"><a href=\"https:\/\/reportergourmet.com\/198688\/in-attesa-di-poter-viaggiare-come-trascorrere-un-weekend-in-abruzzo-per-rigenerare-corpo-e-mente.html?fbclid=IwAR1ZFtEMKRDVDew6seNQWWOXnH2Re2tp3a67dNpzArs_UNJDfdIxJremJjk\">www.reportergourmet.com<\/a><\/p>\n\n\n\n<p class=\"has-small-font-size\">10 M\u00e4rz 2021<\/p>\n<\/div><\/div>\n\n<hr class=\"wp-block-separator has-css-opacity is-style-wide\"\/>\n\n<div class=\"wp-block-media-text alignwide is-stacked-on-mobile\" style=\"grid-template-columns:45% auto\"><figure class=\"wp-block-media-text__media\"><a href=\"https:\/\/www.lucianopignataro.it\/a\/migliori-ristoranti-abruzzo\/190770\/\"><img loading=\"lazy\" width=\"1024\" height=\"512\" src=\"https:\/\/www.terradiea.it\/wp-content\/uploads\/2021\/03\/walter-1024x512.jpg\" alt=\"\" class=\"wp-image-851 size-full\" srcset=\"https:\/\/www.terradiea.it\/wp-content\/uploads\/2021\/03\/walter-1024x512.jpg 1024w, https:\/\/www.terradiea.it\/wp-content\/uploads\/2021\/03\/walter-300x150.jpg 300w, https:\/\/www.terradiea.it\/wp-content\/uploads\/2021\/03\/walter-768x384.jpg 768w, https:\/\/www.terradiea.it\/wp-content\/uploads\/2021\/03\/walter.jpg 1280w\" sizes=\"(max-width: 1024px) 100vw, 1024px\" \/><\/a><\/figure><div class=\"wp-block-media-text__content\">\n<p class=\"has-medium-font-size\"><a href=\"https:\/\/www.lepaginedelvino.it\/9056\/terre-di-ea-e-la-storia-del-vino-cotto\/?fbclid=IwAR345ACiWBRj50mm_cb3QFV9eD_9FLFQEWslgArAGuy5uFqy5aRaLl1DCZ4\">Terra di Ea und die Geschichte des Vino Cotto<\/a><\/p>\n\n\n\n<p>\ud83d\udd8b <strong><em>Massimiliano Verdino<\/em><\/strong><\/p>\n\n\n\n<p style=\"font-size:15px\"><a href=\"https:\/\/www.lepaginedelvino.it\/\"><strong>www<\/strong>.lepaginedelvino.it<\/a><\/p>\n\n\n\n<p class=\"has-small-font-size\">05 M\u00e4rz 2021<\/p>\n<\/div><\/div>\n\n<hr class=\"wp-block-separator has-css-opacity is-style-wide\"\/>\n\n<div class=\"wp-block-media-text alignwide is-stacked-on-mobile\" style=\"grid-template-columns:45% auto\"><figure class=\"wp-block-media-text__media\"><a href=\"https:\/\/www.lucianopignataro.it\/a\/migliori-ristoranti-abruzzo\/190770\/\"><img loading=\"lazy\" width=\"840\" height=\"560\" src=\"https:\/\/www.terradiea.it\/wp-content\/uploads\/2020\/12\/1.esterno_terra_di_ea_video_foto_2g._di_pulcini_guido_micozzi_graziano.jpg\" alt=\"\" class=\"wp-image-847 size-full\" srcset=\"https:\/\/www.terradiea.it\/wp-content\/uploads\/2020\/12\/1.esterno_terra_di_ea_video_foto_2g._di_pulcini_guido_micozzi_graziano.jpg 840w, https:\/\/www.terradiea.it\/wp-content\/uploads\/2020\/12\/1.esterno_terra_di_ea_video_foto_2g._di_pulcini_guido_micozzi_graziano-300x200.jpg 300w, https:\/\/www.terradiea.it\/wp-content\/uploads\/2020\/12\/1.esterno_terra_di_ea_video_foto_2g._di_pulcini_guido_micozzi_graziano-768x512.jpg 768w\" sizes=\"(max-width: 840px) 100vw, 840px\" \/><\/a><\/figure><div class=\"wp-block-media-text__content\">\n<p class=\"has-medium-font-size\"><a href=\"https:\/\/www.touringclub.it\/notizie-di-viaggio\/terre-di-ea-a-tortoreto-la-rivincita-di-un-agriturismo-che-vive-e-produce-a-ritmo\">Terra di Ea, in Tortoreto, der Triumph eines Agriturismo, der im Einklang mit der Natur lebt und produziert.<\/a><\/p>\n\n\n\n<p>\ud83d\udd8b <strong><em><strong>Fabrizio Milanesi<\/strong><\/em><\/strong><\/p>\n\n\n\n<p style=\"font-size:15px\"><strong><a href=\"https:\/\/www.touringclubstore.com\/it\/prodotto\/alberghi-e-ristoranti-d-italia-2021-15017\">www.touringclub.it<\/a><\/strong><\/p>\n\n\n\n<p class=\"has-small-font-size\">10 Dezember 2020<\/p>\n<\/div><\/div>\n\n<hr class=\"wp-block-separator has-css-opacity is-style-wide\"\/>\n\n<div class=\"wp-block-media-text alignwide is-stacked-on-mobile\"><figure class=\"wp-block-media-text__media\"><a href=\"https:\/\/www.lucianopignataro.it\/a\/migliori-ristoranti-abruzzo\/190770\/\"><img loading=\"lazy\" width=\"1024\" height=\"497\" src=\"https:\/\/www.terradiea.it\/wp-content\/uploads\/2020\/12\/Premio-buona-cucina-Terra-di-ea-1-1024x497.jpg\" alt=\"\" class=\"wp-image-842 size-full\" srcset=\"https:\/\/www.terradiea.it\/wp-content\/uploads\/2020\/12\/Premio-buona-cucina-Terra-di-ea-1-1024x497.jpg 1024w, https:\/\/www.terradiea.it\/wp-content\/uploads\/2020\/12\/Premio-buona-cucina-Terra-di-ea-1-300x146.jpg 300w, https:\/\/www.terradiea.it\/wp-content\/uploads\/2020\/12\/Premio-buona-cucina-Terra-di-ea-1-768x373.jpg 768w, https:\/\/www.terradiea.it\/wp-content\/uploads\/2020\/12\/Premio-buona-cucina-Terra-di-ea-1-1536x746.jpg 1536w, https:\/\/www.terradiea.it\/wp-content\/uploads\/2020\/12\/Premio-buona-cucina-Terra-di-ea-1-2048x995.jpg 2048w\" sizes=\"(max-width: 1024px) 100vw, 1024px\" \/><\/a><\/figure><div class=\"wp-block-media-text__content\">\n<p class=\"has-medium-font-size\"><a href=\"https:\/\/www.touringclubstore.com\/it\/prodotto\/alberghi-e-ristoranti-d-italia-2021-15017\">Preis f\u00fcr gute K\u00fcche<\/a><\/p>\n\n\n\n<p>\ud83d\udd8b <strong><em><strong>Luigi Cremona<\/strong><\/em><\/strong> <strong><em>&amp; Franco Iseppi<\/em><\/strong><\/p>\n\n\n\n<p style=\"font-size:15px\"><strong><a href=\"https:\/\/www.touringclubstore.com\/it\/prodotto\/alberghi-e-ristoranti-d-italia-2021-15017\">www.touringclub.it<\/a><\/strong><\/p>\n\n\n\n<p class=\"has-small-font-size\">27 November 2020<\/p>\n<\/div><\/div>\n\n<div class=\"wp-block-media-text alignwide is-stacked-on-mobile\"><figure class=\"wp-block-media-text__media\"><a href=\"https:\/\/www.lucianopignataro.it\/a\/migliori-ristoranti-abruzzo\/190770\/\"><img loading=\"lazy\" width=\"1024\" height=\"576\" src=\"https:\/\/www.terradiea.it\/wp-content\/uploads\/2020\/12\/Terra-di-Ea-3-1024x576.jpg\" alt=\"\" class=\"wp-image-839 size-full\" srcset=\"https:\/\/www.terradiea.it\/wp-content\/uploads\/2020\/12\/Terra-di-Ea-3-1024x576.jpg 1024w, https:\/\/www.terradiea.it\/wp-content\/uploads\/2020\/12\/Terra-di-Ea-3-300x169.jpg 300w, https:\/\/www.terradiea.it\/wp-content\/uploads\/2020\/12\/Terra-di-Ea-3-768x432.jpg 768w, https:\/\/www.terradiea.it\/wp-content\/uploads\/2020\/12\/Terra-di-Ea-3.jpg 1280w\" sizes=\"(max-width: 1024px) 100vw, 1024px\" \/><\/a><\/figure><div class=\"wp-block-media-text__content\">\n<p class=\"has-medium-font-size\"><a href=\"https:\/\/www.lucianopignataro.it\/a\/migliori-ristoranti-abruzzo\/190770\/\">Das Modell Giulianova<\/a><\/p>\n\n\n\n<p>\ud83d\udd8b <strong><em><strong>Bruno Petronilli<\/strong><\/em><\/strong><\/p>\n\n\n\n<p style=\"font-size:15px\"><strong><a href=\"https:\/\/www.jamesmagazine.it\/travel\/il-modello-giulianova\/\">www.jamesmagazine.it<\/a><\/strong><\/p>\n\n\n\n<p class=\"has-small-font-size\">27 November 2020<\/p>\n<\/div><\/div>\n\n<hr class=\"wp-block-separator has-css-opacity is-style-wide\"\/>\n\n<div class=\"wp-block-media-text alignwide is-stacked-on-mobile\"><figure class=\"wp-block-media-text__media\"><a href=\"https:\/\/www.lucianopignataro.it\/a\/migliori-ristoranti-abruzzo\/190770\/\"><img loading=\"lazy\" width=\"750\" height=\"1000\" src=\"https:\/\/www.terradiea.it\/wp-content\/uploads\/2020\/11\/Ceci-e-baccala-nel-risorane-Terra-di-Ea-e1603192855672.jpeg\" alt=\"\" class=\"wp-image-819 size-full\" srcset=\"https:\/\/www.terradiea.it\/wp-content\/uploads\/2020\/11\/Ceci-e-baccala-nel-risorane-Terra-di-Ea-e1603192855672.jpeg 750w, https:\/\/www.terradiea.it\/wp-content\/uploads\/2020\/11\/Ceci-e-baccala-nel-risorane-Terra-di-Ea-e1603192855672-225x300.jpeg 225w\" sizes=\"(max-width: 750px) 100vw, 750px\" \/><\/a><\/figure><div class=\"wp-block-media-text__content\">\n<p class=\"has-medium-font-size\"><a href=\"https:\/\/www.lucianopignataro.it\/a\/migliori-ristoranti-abruzzo\/190770\/\">Wochenende an der Abruzzenk\u00fcste: Weine, Trattorien und unvergessliche Produkte<\/a><\/p>\n\n\n\n<p>\ud83d\udd8b <strong><em><strong>Marina Betto<\/strong><\/em><\/strong><\/p>\n\n\n\n<p style=\"font-size:15px\"><strong><a href=\"https:\/\/www.lucianopignataro.it\/a\/migliori-ristoranti-abruzzo\/190770\/\">www.lucianopignataro.it<\/a><\/strong><\/p>\n\n\n\n<p class=\"has-small-font-size\">03 November 2020<\/p>\n<\/div><\/div>\n\n<hr class=\"wp-block-separator has-css-opacity is-style-wide\"\/>\n\n<div class=\"wp-block-media-text alignwide is-stacked-on-mobile is-vertically-aligned-center\"><figure class=\"wp-block-media-text__media\"><img loading=\"lazy\" width=\"1024\" height=\"1024\" src=\"https:\/\/www.terradiea.it\/wp-content\/uploads\/2020\/11\/119514794_1792624254218122_2394290810189970941_o-1024x1024.jpg\" alt=\"\" class=\"wp-image-818 size-full\" srcset=\"https:\/\/www.terradiea.it\/wp-content\/uploads\/2020\/11\/119514794_1792624254218122_2394290810189970941_o-1024x1024.jpg 1024w, https:\/\/www.terradiea.it\/wp-content\/uploads\/2020\/11\/119514794_1792624254218122_2394290810189970941_o-300x300.jpg 300w, https:\/\/www.terradiea.it\/wp-content\/uploads\/2020\/11\/119514794_1792624254218122_2394290810189970941_o-150x150.jpg 150w, https:\/\/www.terradiea.it\/wp-content\/uploads\/2020\/11\/119514794_1792624254218122_2394290810189970941_o-768x768.jpg 768w, https:\/\/www.terradiea.it\/wp-content\/uploads\/2020\/11\/119514794_1792624254218122_2394290810189970941_o-1536x1536.jpg 1536w, https:\/\/www.terradiea.it\/wp-content\/uploads\/2020\/11\/119514794_1792624254218122_2394290810189970941_o.jpg 1920w\" sizes=\"(max-width: 1024px) 100vw, 1024px\" \/><\/figure><div class=\"wp-block-media-text__content\">\n<p class=\"has-medium-font-size\"><a href=\"http:\/\/www.tesoridabruzzo.com\/dalla-terra-al-piatto-emozioni-biodinamiche-tavola-tortoreto\/?fbclid=IwAR1tM5S4I6jwd28VezsqV5_2ZVqRB0VGdQc8snohTucBP4B3bIt4JUZJq5Y#sthash.iXZrw6Fg.lVJjIVuu.dpbs\"><\/a>Tripadvisor Travellers&#8217;Choice<\/p>\n\n\n\n<p style=\"font-size:15px\"><strong>www.tripadvisor.it<\/strong><\/p>\n\n\n\n<p class=\"has-small-font-size\">14 September 2020<\/p>\n<\/div><\/div>\n\n<hr class=\"wp-block-separator has-css-opacity\"\/>\n\n<div class=\"wp-block-media-text alignwide is-stacked-on-mobile is-vertically-aligned-center\"><figure class=\"wp-block-media-text__media\"><a href=\"https:\/\/www.porzionicremona.it\/cena-a-terre-d-ea\/\"><img loading=\"lazy\" width=\"1024\" height=\"801\" src=\"https:\/\/www.terradiea.it\/wp-content\/uploads\/2020\/11\/105274388_1713540905459791_5650097640563986833_o-1024x801.jpg\" alt=\"\" class=\"wp-image-812 size-full\" srcset=\"https:\/\/www.terradiea.it\/wp-content\/uploads\/2020\/11\/105274388_1713540905459791_5650097640563986833_o-1024x801.jpg 1024w, https:\/\/www.terradiea.it\/wp-content\/uploads\/2020\/11\/105274388_1713540905459791_5650097640563986833_o-300x235.jpg 300w, https:\/\/www.terradiea.it\/wp-content\/uploads\/2020\/11\/105274388_1713540905459791_5650097640563986833_o-768x601.jpg 768w, https:\/\/www.terradiea.it\/wp-content\/uploads\/2020\/11\/105274388_1713540905459791_5650097640563986833_o.jpg 1088w\" sizes=\"(max-width: 1024px) 100vw, 1024px\" \/><\/a><\/figure><div class=\"wp-block-media-text__content\">\n<p class=\"has-medium-font-size\"><a href=\"http:\/\/www.tesoridabruzzo.com\/dalla-terra-al-piatto-emozioni-biodinamiche-tavola-tortoreto\/?fbclid=IwAR1tM5S4I6jwd28VezsqV5_2ZVqRB0VGdQc8snohTucBP4B3bIt4JUZJq5Y#sthash.iXZrw6Fg.lVJjIVuu.dpbs\"><\/a><a href=\"https:\/\/www.porzionicremona.it\/cena-a-terre-d-ea\/\">Abendessen bei Terra di Ea<\/a><\/p>\n\n\n\n<p>\ud83d\udd8b <strong><em>Luigi Cremona<\/em><\/strong><\/p>\n\n\n\n<p style=\"font-size:15px\"><strong><a href=\"https:\/\/www.porzionicremona.it\/cena-a-terre-d-ea\/\">www.porzionicremona.it<\/a><\/strong><\/p>\n\n\n\n<p class=\"has-small-font-size\">21 Juli 2020<\/p>\n<\/div><\/div>\n\n<hr class=\"wp-block-separator has-css-opacity\"\/>\n\n<div class=\"wp-block-media-text alignwide is-stacked-on-mobile is-vertically-aligned-center\"><figure class=\"wp-block-media-text__media\"><a href=\"https:\/\/www.porzionicremona.it\/terre-di-ea-la-fattoria-e-lorto-delle-meraviglie\/\"><img loading=\"lazy\" width=\"1024\" height=\"683\" src=\"https:\/\/www.terradiea.it\/wp-content\/uploads\/2020\/11\/IMG_9641-1024x683.jpg\" alt=\"\" class=\"wp-image-789 size-full\" srcset=\"https:\/\/www.terradiea.it\/wp-content\/uploads\/2020\/11\/IMG_9641-1024x683.jpg 1024w, https:\/\/www.terradiea.it\/wp-content\/uploads\/2020\/11\/IMG_9641-300x200.jpg 300w, https:\/\/www.terradiea.it\/wp-content\/uploads\/2020\/11\/IMG_9641-768x512.jpg 768w, https:\/\/www.terradiea.it\/wp-content\/uploads\/2020\/11\/IMG_9641-1536x1024.jpg 1536w, https:\/\/www.terradiea.it\/wp-content\/uploads\/2020\/11\/IMG_9641-2048x1365.jpg 2048w\" sizes=\"(max-width: 1024px) 100vw, 1024px\" \/><\/a><\/figure><div class=\"wp-block-media-text__content\">\n<p class=\"has-medium-font-size\"><a href=\"http:\/\/www.tesoridabruzzo.com\/dalla-terra-al-piatto-emozioni-biodinamiche-tavola-tortoreto\/?fbclid=IwAR1tM5S4I6jwd28VezsqV5_2ZVqRB0VGdQc8snohTucBP4B3bIt4JUZJq5Y#sthash.iXZrw6Fg.lVJjIVuu.dpbs\"><\/a><a href=\"https:\/\/www.porzionicremona.it\/terre-di-ea-la-fattoria-e-lorto-delle-meraviglie\/\">Terra di Ea, der Bauernhof und der Garten der Wunder<\/a><\/p>\n\n\n\n<p><strong><em>\ud83d\udd8b <strong><em>Luigi Cremona<\/em><\/strong><\/em><\/strong><\/p>\n\n\n\n<p style=\"font-size:15px\"><strong><a href=\"https:\/\/www.porzionicremona.it\/terre-di-ea-la-fattoria-e-lorto-delle-meraviglie\/\">www.porzionicremona.it<\/a><\/strong><\/p>\n\n\n\n<p class=\"has-small-font-size\">15 Juli 2020<\/p>\n<\/div><\/div>\n\n<hr class=\"wp-block-separator has-css-opacity\"\/>\n\n<div class=\"wp-block-media-text alignwide is-stacked-on-mobile is-vertically-aligned-center\"><figure class=\"wp-block-media-text__media\"><a href=\"https:\/\/blog.giallozafferano.it\/clofoodblogger\/terra-di-ea-vivere-a-ritmo-della-natura\/\"><img loading=\"lazy\" width=\"1024\" height=\"538\" src=\"https:\/\/www.terradiea.it\/wp-content\/uploads\/2020\/11\/IMG_0146-mincop-min-1024x538.jpg\" alt=\"terra di ea\" class=\"wp-image-805 size-full\" srcset=\"https:\/\/www.terradiea.it\/wp-content\/uploads\/2020\/11\/IMG_0146-mincop-min-1024x538.jpg 1024w, https:\/\/www.terradiea.it\/wp-content\/uploads\/2020\/11\/IMG_0146-mincop-min-300x158.jpg 300w, https:\/\/www.terradiea.it\/wp-content\/uploads\/2020\/11\/IMG_0146-mincop-min-768x403.jpg 768w, https:\/\/www.terradiea.it\/wp-content\/uploads\/2020\/11\/IMG_0146-mincop-min.jpg 1200w\" sizes=\"(max-width: 1024px) 100vw, 1024px\" \/><\/a><\/figure><div class=\"wp-block-media-text__content\">\n<p class=\"has-medium-font-size\"><a href=\"https:\/\/blog.giallozafferano.it\/clofoodblogger\/terra-di-ea-vivere-a-ritmo-della-natura\/\">Terra di Ea: im Einklang mit der Natur leben<\/a><\/p>\n\n\n\n<p>\ud83d\udd8b <strong><em>Clo Foodblogger<\/em><\/strong><\/p>\n\n\n\n<p style=\"font-size:15px\"><strong><a href=\"https:\/\/blog.giallozafferano.it\/clofoodblogger\/terra-di-ea-vivere-a-ritmo-della-natura\/\">blog.giallozafferano.it<\/a><\/strong><\/p>\n\n\n\n<p class=\"has-small-font-size\">09 Dezember 2019<\/p>\n<\/div><\/div>\n\n<hr class=\"wp-block-separator has-css-opacity\"\/>\n\n<p class=\"has-medium-font-size\"><a href=\"https:\/\/www.youtube.com\/channel\/UCgkw_MMOy6k1wGN9VM3kKOA\"><strong>Chef Max Mariola<\/strong> \u2013 Ideen f\u00fcr ein gastronomisches Wochenende mit Ihrer Familie<\/a><\/p>\n\n<figure class=\"wp-block-embed aligncenter is-type-video is-provider-youtube wp-block-embed-youtube wp-embed-aspect-16-9 wp-has-aspect-ratio\"><div class=\"wp-block-embed__wrapper\">\n<iframe loading=\"lazy\" title=\"IN VIAGGIO CON PAP\u00c0 - TERREA DI EA - ABRUZZO - Bere Mangiare Vedere bei posti con @ChefMaxMariola\" width=\"500\" height=\"281\" src=\"https:\/\/www.youtube.com\/embed\/p2bp-h34rDQ?feature=oembed\" frameborder=\"0\" allow=\"accelerometer; autoplay; clipboard-write; encrypted-media; gyroscope; picture-in-picture; web-share\" referrerpolicy=\"strict-origin-when-cross-origin\" allowfullscreen><\/iframe>\n<\/div><\/figure>\n\n<hr class=\"wp-block-separator has-css-opacity\"\/>\n\n<div class=\"wp-block-media-text alignwide is-stacked-on-mobile is-vertically-aligned-center\"><figure class=\"wp-block-media-text__media\"><a href=\"http:\/\/www.tesoridabruzzo.com\/dalla-terra-al-piatto-emozioni-biodinamiche-tavola-tortoreto\/?fbclid=IwAR1tM5S4I6jwd28VezsqV5_2ZVqRB0VGdQc8snohTucBP4B3bIt4JUZJq5Y#sthash.iXZrw6Fg.lVJjIVuu.dpbs\"><img loading=\"lazy\" width=\"900\" height=\"600\" src=\"https:\/\/www.terradiea.it\/wp-content\/uploads\/2020\/11\/chef_terre_di_ea_tommolini-900x600-1.jpg\" alt=\"\" class=\"wp-image-808 size-full\" srcset=\"https:\/\/www.terradiea.it\/wp-content\/uploads\/2020\/11\/chef_terre_di_ea_tommolini-900x600-1.jpg 900w, https:\/\/www.terradiea.it\/wp-content\/uploads\/2020\/11\/chef_terre_di_ea_tommolini-900x600-1-300x200.jpg 300w, https:\/\/www.terradiea.it\/wp-content\/uploads\/2020\/11\/chef_terre_di_ea_tommolini-900x600-1-768x512.jpg 768w\" sizes=\"(max-width: 900px) 100vw, 900px\" \/><\/a><\/figure><div class=\"wp-block-media-text__content\">\n<p class=\"has-medium-font-size\"><a href=\"http:\/\/www.tesoridabruzzo.com\/dalla-terra-al-piatto-emozioni-biodinamiche-tavola-tortoreto\/?fbclid=IwAR1tM5S4I6jwd28VezsqV5_2ZVqRB0VGdQc8snohTucBP4B3bIt4JUZJq5Y#sthash.iXZrw6Fg.lVJjIVuu.dpbs\">Von der Erde auf den Teller \u2013 biodynamische Gen\u00fcsse auf dem Tisch in Tortoreto<\/a><\/p>\n\n\n\n<p>\ud83d\udd8b <strong><em>Ivan Masciovecchio<\/em><\/strong><\/p>\n\n\n\n<p style=\"font-size:15px\"><strong><a href=\"http:\/\/www.tesoridabruzzo.com\/dalla-terra-al-piatto-emozioni-biodinamiche-tavola-tortoreto\/?fbclid=IwAR1tM5S4I6jwd28VezsqV5_2ZVqRB0VGdQc8snohTucBP4B3bIt4JUZJq5Y#sthash.iXZrw6Fg.lVJjIVuu.dpbs\">www.tesoridabruzzo.com<\/a><\/strong><\/p>\n\n\n\n<p class=\"has-small-font-size\">17 Februar 2019<\/p>\n<\/div><\/div>\n\n<hr class=\"wp-block-separator has-css-opacity\"\/>\n\n<div class=\"wp-block-media-text alignwide is-stacked-on-mobile is-vertically-aligned-center\"><figure class=\"wp-block-media-text__media\"><a href=\"https:\/\/www.virtuquotidiane.it\/cronaca\/terra-di-ea-una-favola-moderna-nellabruzzo-teramano-il-ritorno-alla-terra-ha-il-sapore-del-mito.html?fbclid=IwAR1uKEGscy7qgDSXu0T42fDgWE7bGI2I5Mx-rfb5azF38X_a454pYdFEJ5M\"><img loading=\"lazy\" width=\"1017\" height=\"583\" src=\"https:\/\/www.terradiea.it\/wp-content\/uploads\/2020\/11\/2020-11-03-16_28_28-TERRA-DI-EA-UNA-FAVOLA-MODERNA_-NELLABRUZZO-TERAMANO-IL-RITORNO-ALLA-TERRA-HA-.png\" alt=\"\" class=\"wp-image-810 size-full\" srcset=\"https:\/\/www.terradiea.it\/wp-content\/uploads\/2020\/11\/2020-11-03-16_28_28-TERRA-DI-EA-UNA-FAVOLA-MODERNA_-NELLABRUZZO-TERAMANO-IL-RITORNO-ALLA-TERRA-HA-.png 1017w, https:\/\/www.terradiea.it\/wp-content\/uploads\/2020\/11\/2020-11-03-16_28_28-TERRA-DI-EA-UNA-FAVOLA-MODERNA_-NELLABRUZZO-TERAMANO-IL-RITORNO-ALLA-TERRA-HA--300x172.png 300w, https:\/\/www.terradiea.it\/wp-content\/uploads\/2020\/11\/2020-11-03-16_28_28-TERRA-DI-EA-UNA-FAVOLA-MODERNA_-NELLABRUZZO-TERAMANO-IL-RITORNO-ALLA-TERRA-HA--768x440.png 768w\" sizes=\"(max-width: 1017px) 100vw, 1017px\" \/><\/a><\/figure><div class=\"wp-block-media-text__content\">\n<p class=\"has-medium-font-size\"><a href=\"http:\/\/www.tesoridabruzzo.com\/dalla-terra-al-piatto-emozioni-biodinamiche-tavola-tortoreto\/?fbclid=IwAR1tM5S4I6jwd28VezsqV5_2ZVqRB0VGdQc8snohTucBP4B3bIt4JUZJq5Y#sthash.iXZrw6Fg.lVJjIVuu.dpbs\"><\/a><a href=\"https:\/\/www.virtuquotidiane.it\/cronaca\/terra-di-ea-una-favola-moderna-nellabruzzo-teramano-il-ritorno-alla-terra-ha-il-sapore-del-mito.html?fbclid=IwAR1uKEGscy7qgDSXu0T42fDgWE7bGI2I5Mx-rfb5azF38X_a454pYdFEJ5M\">Terra di EA, ein modernes M\u00e4rchen: In der Provinz Teramo in den Abruzzen schmeckt die R\u00fcckkehr zur Erde nach Mythos.<\/a><\/p>\n\n\n\n<p>\ud83d\udd8b <strong><em>Jolanda Ferrara<\/em><\/strong><\/p>\n\n\n\n<p style=\"font-size:15px\"><strong><a href=\"https:\/\/www.virtuquotidiane.it\/cronaca\/terra-di-ea-una-favola-moderna-nellabruzzo-teramano-il-ritorno-alla-terra-ha-il-sapore-del-mito.html?fbclid=IwAR1uKEGscy7qgDSXu0T42fDgWE7bGI2I5Mx-rfb5azF38X_a454pYdFEJ5M\">www.virtuquotidiane.it<\/a><\/strong><\/p>\n\n\n\n<p class=\"has-small-font-size\">17. August 2018<\/p>\n<\/div><\/div>\n\n<hr class=\"wp-block-separator has-css-opacity\"\/>\n\n<div class=\"wp-block-media-text alignwide is-stacked-on-mobile is-vertically-aligned-center\"><figure class=\"wp-block-media-text__media\"><img loading=\"lazy\" width=\"1024\" height=\"1024\" src=\"https:\/\/www.terradiea.it\/wp-content\/uploads\/2020\/11\/119521970_1794401364040411_4957120225469136034_o-1024x1024.jpg\" alt=\"\" class=\"wp-image-817 size-full\" srcset=\"https:\/\/www.terradiea.it\/wp-content\/uploads\/2020\/11\/119521970_1794401364040411_4957120225469136034_o-1024x1024.jpg 1024w, https:\/\/www.terradiea.it\/wp-content\/uploads\/2020\/11\/119521970_1794401364040411_4957120225469136034_o-300x300.jpg 300w, https:\/\/www.terradiea.it\/wp-content\/uploads\/2020\/11\/119521970_1794401364040411_4957120225469136034_o-150x150.jpg 150w, https:\/\/www.terradiea.it\/wp-content\/uploads\/2020\/11\/119521970_1794401364040411_4957120225469136034_o-768x768.jpg 768w, https:\/\/www.terradiea.it\/wp-content\/uploads\/2020\/11\/119521970_1794401364040411_4957120225469136034_o-1536x1536.jpg 1536w, https:\/\/www.terradiea.it\/wp-content\/uploads\/2020\/11\/119521970_1794401364040411_4957120225469136034_o.jpg 1667w\" sizes=\"(max-width: 1024px) 100vw, 1024px\" \/><\/figure><div class=\"wp-block-media-text__content\">\n<p class=\"has-medium-font-size\"><a href=\"http:\/\/www.tesoridabruzzo.com\/dalla-terra-al-piatto-emozioni-biodinamiche-tavola-tortoreto\/?fbclid=IwAR1tM5S4I6jwd28VezsqV5_2ZVqRB0VGdQc8snohTucBP4B3bIt4JUZJq5Y#sthash.iXZrw6Fg.lVJjIVuu.dpbs\"><\/a><a href=\"https:\/\/www.touringclub.it\/destinazione\/mangiare\/ristorante\/324580\/terra-di-ea-tortoreto\">Destinationen Touring Club Italiano<\/a><\/p>\n\n\n\n<p style=\"font-size:15px\"><strong><a href=\"https:\/\/www.touringclub.it\/destinazione\/mangiare\/ristorante\/324580\/terra-di-ea-tortoreto\">www.touringclub.it<\/a><\/strong><\/p>\n<\/div><\/div>\n\n<hr class=\"wp-block-separator has-css-opacity\"\/>\n\n<p><\/p>\n","protected":false},"excerpt":{"rendered":"<p>TERRA DI EAin der Zeitschrift Itinerari e Luogh LESEN &gt;&gt; 27. Oktober 2024 Wir k\u00f6nnen das Gef\u00fchl kaum in Worte fassen, eine solche Auszeichnung zu erhalten \u2013 eine Anerkennung, die nicht nur uns, sondern vor allem auch unserer Region gewidmet ist. Tief dankbar. Wenn Sie einen Moment Zeit haben, empfehlen wir Ihnen, diesen Artikel von &hellip; <a href=\"https:\/\/www.terradiea.it\/de\/was-man-ueber-uns-sagt\/\">Continued<\/a><\/p>\n","protected":false},"author":1,"featured_media":0,"parent":0,"menu_order":47,"comment_status":"closed","ping_status":"closed","template":"","meta":[],"yoast_head":"<!-- This site is optimized with the Yoast SEO plugin v19.2 - https:\/\/yoast.com\/wordpress\/plugins\/seo\/ -->\n<title>Die Geschichten der G\u00e4ste von Terra di Ea \u2013 Bewertungen und Gedanken<\/title>\n<meta name=\"description\" content=\"Die Bewertungen unserer G\u00e4ste, die unseren Tag erhellen und uns dazu anspornen, immer besser zu werden. Unser Ziel ist es, dass Sie sich wohlf\u00fchlen.\" \/>\n<meta name=\"robots\" content=\"index, follow, max-snippet:-1, max-image-preview:large, max-video-preview:-1\" \/>\n<link rel=\"canonical\" href=\"https:\/\/www.terradiea.it\/de\/was-man-ueber-uns-sagt\/\" \/>\n<meta property=\"og:locale\" content=\"de_DE\" \/>\n<meta property=\"og:type\" content=\"article\" \/>\n<meta property=\"og:title\" content=\"Die Geschichten der G\u00e4ste von Terra di Ea \u2013 Bewertungen und Gedanken\" \/>\n<meta property=\"og:description\" content=\"Die Bewertungen unserer G\u00e4ste, die unseren Tag erhellen und uns dazu anspornen, immer besser zu werden. Unser Ziel ist es, dass Sie sich wohlf\u00fchlen.\" \/>\n<meta property=\"og:url\" content=\"https:\/\/www.terradiea.it\/de\/was-man-ueber-uns-sagt\/\" \/>\n<meta property=\"og:site_name\" content=\"Terra di Ea\" \/>\n<meta property=\"article:publisher\" content=\"https:\/\/www.facebook.com\/terradiEa\/\" \/>\n<meta property=\"article:modified_time\" content=\"2025-07-07T14:52:20+00:00\" \/>\n<meta property=\"og:image\" content=\"https:\/\/www.terradiea.it\/wp-content\/uploads\/2025\/03\/IMG_7365-818x1024.jpg\" \/>\n<meta name=\"author\" content=\"alfa_admin\" \/>\n<meta name=\"twitter:card\" content=\"summary_large_image\" \/>\n<meta name=\"twitter:label1\" content=\"Gesch\u00e4tzte Lesezeit\" \/>\n\t<meta name=\"twitter:data1\" content=\"2\u00a0Minuten\" \/>\n<script type=\"application\/ld+json\" class=\"yoast-schema-graph\">{\"@context\":\"https:\/\/schema.org\",\"@graph\":[{\"@type\":\"WebSite\",\"@id\":\"https:\/\/www.terradiea.it\/#website\",\"url\":\"https:\/\/www.terradiea.it\/\",\"name\":\"Terra di Ea\",\"description\":\"Abbiamo bisogno di contadini, di poeti, di chi sa fare il pane e riconosce il vento\",\"potentialAction\":[{\"@type\":\"SearchAction\",\"target\":{\"@type\":\"EntryPoint\",\"urlTemplate\":\"https:\/\/www.terradiea.it\/?s={search_term_string}\"},\"query-input\":\"required name=search_term_string\"}],\"inLanguage\":\"de\"},{\"@type\":\"ImageObject\",\"inLanguage\":\"de\",\"@id\":\"https:\/\/www.terradiea.it\/de\/was-man-ueber-uns-sagt\/#primaryimage\",\"url\":\"https:\/\/www.terradiea.it\/wp-content\/uploads\/2025\/03\/IMG_7365.jpg\",\"contentUrl\":\"https:\/\/www.terradiea.it\/wp-content\/uploads\/2025\/03\/IMG_7365.jpg\",\"width\":828,\"height\":1036},{\"@type\":\"WebPage\",\"@id\":\"https:\/\/www.terradiea.it\/de\/was-man-ueber-uns-sagt\/#webpage\",\"url\":\"https:\/\/www.terradiea.it\/de\/was-man-ueber-uns-sagt\/\",\"name\":\"Die Geschichten der G\u00e4ste von Terra di Ea \u2013 Bewertungen und Gedanken\",\"isPartOf\":{\"@id\":\"https:\/\/www.terradiea.it\/#website\"},\"primaryImageOfPage\":{\"@id\":\"https:\/\/www.terradiea.it\/de\/was-man-ueber-uns-sagt\/#primaryimage\"},\"datePublished\":\"2019-03-12T17:59:11+00:00\",\"dateModified\":\"2025-07-07T14:52:20+00:00\",\"description\":\"Die Bewertungen unserer G\u00e4ste, die unseren Tag erhellen und uns dazu anspornen, immer besser zu werden. Unser Ziel ist es, dass Sie sich wohlf\u00fchlen.\",\"breadcrumb\":{\"@id\":\"https:\/\/www.terradiea.it\/de\/was-man-ueber-uns-sagt\/#breadcrumb\"},\"inLanguage\":\"de\",\"potentialAction\":[{\"@type\":\"ReadAction\",\"target\":[\"https:\/\/www.terradiea.it\/de\/was-man-ueber-uns-sagt\/\"]}]},{\"@type\":\"BreadcrumbList\",\"@id\":\"https:\/\/www.terradiea.it\/de\/was-man-ueber-uns-sagt\/#breadcrumb\",\"itemListElement\":[{\"@type\":\"ListItem\",\"position\":1,\"name\":\"Home\",\"item\":\"https:\/\/www.terradiea.it\/de\/\"},{\"@type\":\"ListItem\",\"position\":2,\"name\":\"Was man \u00fcber uns sagt\"}]}]}<\/script>\n<!-- \/ Yoast SEO plugin. -->","yoast_head_json":{"title":"Die Geschichten der G\u00e4ste von Terra di Ea \u2013 Bewertungen und Gedanken","description":"Die Bewertungen unserer G\u00e4ste, die unseren Tag erhellen und uns dazu anspornen, immer besser zu werden. Unser Ziel ist es, dass Sie sich wohlf\u00fchlen.","robots":{"index":"index","follow":"follow","max-snippet":"max-snippet:-1","max-image-preview":"max-image-preview:large","max-video-preview":"max-video-preview:-1"},"canonical":"https:\/\/www.terradiea.it\/de\/was-man-ueber-uns-sagt\/","og_locale":"de_DE","og_type":"article","og_title":"Die Geschichten der G\u00e4ste von Terra di Ea \u2013 Bewertungen und Gedanken","og_description":"Die Bewertungen unserer G\u00e4ste, die unseren Tag erhellen und uns dazu anspornen, immer besser zu werden. Unser Ziel ist es, dass Sie sich wohlf\u00fchlen.","og_url":"https:\/\/www.terradiea.it\/de\/was-man-ueber-uns-sagt\/","og_site_name":"Terra di Ea","article_publisher":"https:\/\/www.facebook.com\/terradiEa\/","article_modified_time":"2025-07-07T14:52:20+00:00","og_image":[{"url":"https:\/\/www.terradiea.it\/wp-content\/uploads\/2025\/03\/IMG_7365-818x1024.jpg"}],"author":"alfa_admin","twitter_card":"summary_large_image","twitter_misc":{"Gesch\u00e4tzte Lesezeit":"2\u00a0Minuten"},"schema":{"@context":"https:\/\/schema.org","@graph":[{"@type":"WebSite","@id":"https:\/\/www.terradiea.it\/#website","url":"https:\/\/www.terradiea.it\/","name":"Terra di Ea","description":"Abbiamo bisogno di contadini, di poeti, di chi sa fare il pane e riconosce il vento","potentialAction":[{"@type":"SearchAction","target":{"@type":"EntryPoint","urlTemplate":"https:\/\/www.terradiea.it\/?s={search_term_string}"},"query-input":"required name=search_term_string"}],"inLanguage":"de"},{"@type":"ImageObject","inLanguage":"de","@id":"https:\/\/www.terradiea.it\/de\/was-man-ueber-uns-sagt\/#primaryimage","url":"https:\/\/www.terradiea.it\/wp-content\/uploads\/2025\/03\/IMG_7365.jpg","contentUrl":"https:\/\/www.terradiea.it\/wp-content\/uploads\/2025\/03\/IMG_7365.jpg","width":828,"height":1036},{"@type":"WebPage","@id":"https:\/\/www.terradiea.it\/de\/was-man-ueber-uns-sagt\/#webpage","url":"https:\/\/www.terradiea.it\/de\/was-man-ueber-uns-sagt\/","name":"Die Geschichten der G\u00e4ste von Terra di Ea \u2013 Bewertungen und Gedanken","isPartOf":{"@id":"https:\/\/www.terradiea.it\/#website"},"primaryImageOfPage":{"@id":"https:\/\/www.terradiea.it\/de\/was-man-ueber-uns-sagt\/#primaryimage"},"datePublished":"2019-03-12T17:59:11+00:00","dateModified":"2025-07-07T14:52:20+00:00","description":"Die Bewertungen unserer G\u00e4ste, die unseren Tag erhellen und uns dazu anspornen, immer besser zu werden. Unser Ziel ist es, dass Sie sich wohlf\u00fchlen.","breadcrumb":{"@id":"https:\/\/www.terradiea.it\/de\/was-man-ueber-uns-sagt\/#breadcrumb"},"inLanguage":"de","potentialAction":[{"@type":"ReadAction","target":["https:\/\/www.terradiea.it\/de\/was-man-ueber-uns-sagt\/"]}]},{"@type":"BreadcrumbList","@id":"https:\/\/www.terradiea.it\/de\/was-man-ueber-uns-sagt\/#breadcrumb","itemListElement":[{"@type":"ListItem","position":1,"name":"Home","item":"https:\/\/www.terradiea.it\/de\/"},{"@type":"ListItem","position":2,"name":"Was man \u00fcber uns sagt"}]}]}},"_links":{"self":[{"href":"https:\/\/www.terradiea.it\/de\/wp-json\/wp\/v2\/pages\/1979"}],"collection":[{"href":"https:\/\/www.terradiea.it\/de\/wp-json\/wp\/v2\/pages"}],"about":[{"href":"https:\/\/www.terradiea.it\/de\/wp-json\/wp\/v2\/types\/page"}],"author":[{"embeddable":true,"href":"https:\/\/www.terradiea.it\/de\/wp-json\/wp\/v2\/users\/1"}],"replies":[{"embeddable":true,"href":"https:\/\/www.terradiea.it\/de\/wp-json\/wp\/v2\/comments?post=1979"}],"version-history":[{"count":0,"href":"https:\/\/www.terradiea.it\/de\/wp-json\/wp\/v2\/pages\/1979\/revisions"}],"wp:attachment":[{"href":"https:\/\/www.terradiea.it\/de\/wp-json\/wp\/v2\/media?parent=1979"}],"curies":[{"name":"wp","href":"https:\/\/api.w.org\/{rel}","templated":true}]}}